{"id":2,"date":"2025-02-04T14:53:22","date_gmt":"2025-02-04T14:53:22","guid":{"rendered":"https:\/\/assolacheveche.fr\/?page_id=2"},"modified":"2025-06-20T10:57:29","modified_gmt":"2025-06-20T10:57:29","slug":"sample-page","status":"publish","type":"page","link":"https:\/\/assolacheveche.fr\/?page_id=2","title":{"rendered":"R\u00e9sidences artistiques"},"content":{"rendered":"\n<p><\/p>\n\n\n\n<div class=\"wp-block-columns is-layout-flex wp-container-core-columns-is-layout-28f84493 wp-block-columns-is-layout-flex\">\n<div class=\"wp-block-column is-layout-flow wp-block-column-is-layout-flow\">\n<p>La Fleur de Lys accueille des r\u00e9sidences d&rsquo;artistes autog\u00e9r\u00e9es. Nous proposons d&rsquo;ouvrir un espace aux artistes dans un cadre tranquille, en pleine campagne nivernaise.<\/p>\n\n\n\n<p>Les fonds r\u00e9colt\u00e9s servent \u00e0 financer l&rsquo;organisation de notre festival Les Odyss\u00e9es du Lys qui a lieu chaque \u00e9t\u00e9 au mois d&rsquo;ao\u00fbt.<\/p>\n\n\n\n<p>Toutes les informations sont pr\u00e9sente dans le document en bas de cette page.<\/p>\n<\/div>\n\n\n\n<div class=\"wp-block-column is-layout-flow wp-block-column-is-layout-flow\">\n<figure class=\"wp-block-image size-large\"><img loading=\"lazy\" decoding=\"async\" width=\"1024\" height=\"432\" src=\"https:\/\/assolacheveche.fr\/wp-content\/uploads\/2025\/06\/bluegrass-concert-grange-1024x432.jpg\" alt=\"\" class=\"wp-image-144\" srcset=\"https:\/\/assolacheveche.fr\/wp-content\/uploads\/2025\/06\/bluegrass-concert-grange-1024x432.jpg 1024w, https:\/\/assolacheveche.fr\/wp-content\/uploads\/2025\/06\/bluegrass-concert-grange-300x127.jpg 300w, https:\/\/assolacheveche.fr\/wp-content\/uploads\/2025\/06\/bluegrass-concert-grange-768x324.jpg 768w, https:\/\/assolacheveche.fr\/wp-content\/uploads\/2025\/06\/bluegrass-concert-grange-1536x649.jpg 1536w, https:\/\/assolacheveche.fr\/wp-content\/uploads\/2025\/06\/bluegrass-concert-grange-2048x865.jpg 2048w\" sizes=\"auto, (max-width: 1024px) 100vw, 1024px\" \/><\/figure>\n<\/div>\n<\/div>\n\n\n\n<div data-wp-interactive=\"core\/file\" class=\"wp-block-file\"><object data-wp-bind--hidden=\"!state.hasPdfPreview\" hidden class=\"wp-block-file__embed\" data=\"https:\/\/assolacheveche.fr\/wp-content\/uploads\/2025\/06\/PLAQUETTE-ACCUEIL-DARTISTES_compressed.pdf\" type=\"application\/pdf\" style=\"width:100%;height:600px\" aria-label=\"PDF embarqu\u00e9\"><\/object><a href=\"https:\/\/assolacheveche.fr\/wp-content\/uploads\/2025\/06\/PLAQUETTE-ACCUEIL-DARTISTES_compressed.pdf\" class=\"wp-block-file__button wp-element-button\" download>T\u00e9l\u00e9charger<\/a><\/div>\n\n\n\n<p><\/p>\n","protected":false},"excerpt":{"rendered":"<p>La Fleur de Lys accueille des r\u00e9sidences d&rsquo;artistes autog\u00e9r\u00e9es. Nous proposons d&rsquo;ouvrir un espace aux artistes dans un cadre tranquille, en pleine campagne nivernaise. Les fonds r\u00e9colt\u00e9s servent \u00e0 financer l&rsquo;organisation de notre festival Les Odyss\u00e9es du Lys qui a lieu chaque \u00e9t\u00e9 au mois d&rsquo;ao\u00fbt. Toutes les informations sont pr\u00e9sente dans le document en [&hellip;]<\/p>\n","protected":false},"author":1,"featured_media":0,"parent":0,"menu_order":0,"comment_status":"closed","ping_status":"closed","template":"","meta":{"footnotes":""},"class_list":["post-2","page","type-page","status-publish","hentry"],"_links":{"self":[{"href":"https:\/\/assolacheveche.fr\/index.php?rest_route=\/wp\/v2\/pages\/2","targetHints":{"allow":["GET"]}}],"collection":[{"href":"https:\/\/assolacheveche.fr\/index.php?rest_route=\/wp\/v2\/pages"}],"about":[{"href":"https:\/\/assolacheveche.fr\/index.php?rest_route=\/wp\/v2\/types\/page"}],"author":[{"embeddable":true,"href":"https:\/\/assolacheveche.fr\/index.php?rest_route=\/wp\/v2\/users\/1"}],"replies":[{"embeddable":true,"href":"https:\/\/assolacheveche.fr\/index.php?rest_route=%2Fwp%2Fv2%2Fcomments&post=2"}],"version-history":[{"count":11,"href":"https:\/\/assolacheveche.fr\/index.php?rest_route=\/wp\/v2\/pages\/2\/revisions"}],"predecessor-version":[{"id":152,"href":"https:\/\/assolacheveche.fr\/index.php?rest_route=\/wp\/v2\/pages\/2\/revisions\/152"}],"wp:attachment":[{"href":"https:\/\/assolacheveche.fr\/index.php?rest_route=%2Fwp%2Fv2%2Fmedia&parent=2"}],"curies":[{"name":"wp","href":"https:\/\/api.w.org\/{rel}","templated":true}]}}